{"id":4359,"date":"2024-09-10T09:12:55","date_gmt":"2024-09-10T07:12:55","guid":{"rendered":"https:\/\/www.viladomatofimatica.cat\/kit-digital\/"},"modified":"2024-09-27T09:46:34","modified_gmt":"2024-09-27T07:46:34","slug":"kit-digital","status":"publish","type":"page","link":"https:\/\/www.viladomatofimatica.cat\/ca\/kit-digital\/","title":{"rendered":"Kit Digital"},"content":{"rendered":"<div class=\"wpb-content-wrapper\">[vc_row pix_particles_check=&#8221;&#8221;][vc_column css=&#8221;.vc_custom_1727278977095{margin-top: 150px !important;}&#8221;][vc_separator css=&#8221;.vc_custom_1726853943431{margin-bottom: 100px !important;}&#8221;][vc_column_text css=&#8221;&#8221;]\r\n<div class=\"elementor-element elementor-element-cb81063 elementor-widget elementor-widget-heading\" data-id=\"cb81063\" data-element_type=\"widget\" data-settings=\"{&quot;_ob_shadough_use&quot;:&quot;no&quot;}\" data-widget_type=\"heading.default\">\r\n<div class=\"elementor-widget-container\">\r\n<h2><\/h2>\r\n<h2><\/h2>\r\n<h2 class=\"elementor-heading-title elementor-size-xxl\" style=\"text-align: center;\"><strong>Som el teu Agent Digital de transformaci\u00f3<\/strong><\/h2>\r\n<\/div>\r\n<\/div>\r\n&nbsp;\r\n<div style=\"padding: 0px 325px 0px 325px; font-size: 13px;\">\r\n<p style=\"text-align: center;\"><strong>PROGRAMA KIT DIGITAL FINAN\u00c7AT PER FONS NEXT GENERATION DEL MECANISME DE RECUPERACI\u00d3 I RESILI\u00c8NCIA<\/strong><\/p>\r\n\r\n<\/div>\r\n<div style=\"padding: 0px 450px 0px 450px; margin-bottom: 20px;\">\r\n\r\n<hr \/>\r\n\r\n<\/div>\r\n<div class=\"elementor-element elementor-element-cb81063 elementor-widget elementor-widget-heading\" data-id=\"cb81063\" data-element_type=\"widget\" data-settings=\"{&quot;_ob_shadough_use&quot;:&quot;no&quot;}\" data-widget_type=\"heading.default\">\r\n<div class=\"elementor-widget-container\">\r\n<div style=\"text-align: center;\">\r\n<div class=\"elementor-element elementor-element-cb81063 elementor-widget elementor-widget-heading\" data-id=\"cb81063\" data-element_type=\"widget\" data-settings=\"{&quot;_ob_shadough_use&quot;:&quot;no&quot;}\" data-widget_type=\"heading.default\">\r\n<div class=\"elementor-widget-container\">\r\n<div><img loading=\"lazy\" decoding=\"async\" class=\"alignnone size-full wp-image-3795\" src=\"https:\/\/www.viladomatofimatica.cat\/wp-content\/uploads\/2024\/09\/gobierno-300x53-1.png\" alt=\"\" width=\"300\" height=\"53\" \/>\u00a0 <img loading=\"lazy\" decoding=\"async\" class=\"alignnone wp-image-3796\" src=\"https:\/\/www.viladomatofimatica.cat\/wp-content\/uploads\/2024\/09\/kitdigital-17-4.png\" alt=\"\" width=\"187\" height=\"51\" \/>\u00a0 <img loading=\"lazy\" decoding=\"async\" class=\"alignnone wp-image-3799\" src=\"https:\/\/www.viladomatofimatica.cat\/wp-content\/uploads\/2024\/09\/red-300x130-1.png\" alt=\"\" width=\"168\" height=\"73\" \/>\u00a0 <img loading=\"lazy\" decoding=\"async\" class=\"alignnone wp-image-4362\" src=\"https:\/\/www.viladomatofimatica.cat\/wp-content\/uploads\/2024\/09\/Logotipo_del_Plan_de_Recuperacion_Transformacion_y_Resiliencia.svg-300x98.png\" alt=\"\" width=\"181\" height=\"59\" srcset=\"https:\/\/www.viladomatofimatica.cat\/wp-content\/uploads\/2024\/09\/Logotipo_del_Plan_de_Recuperacion_Transformacion_y_Resiliencia.svg-300x98.png 300w, https:\/\/www.viladomatofimatica.cat\/wp-content\/uploads\/2024\/09\/Logotipo_del_Plan_de_Recuperacion_Transformacion_y_Resiliencia.svg-768x252.png 768w, https:\/\/www.viladomatofimatica.cat\/wp-content\/uploads\/2024\/09\/Logotipo_del_Plan_de_Recuperacion_Transformacion_y_Resiliencia.svg.png 800w\" sizes=\"auto, (max-width: 181px) 100vw, 181px\" \/>\u00a0 <img loading=\"lazy\" decoding=\"async\" class=\"alignnone wp-image-3797\" src=\"https:\/\/www.viladomatofimatica.cat\/wp-content\/uploads\/2024\/09\/nextgeneu.png\" alt=\"\" width=\"243\" height=\"77\" \/><\/div>\r\n<\/div>\r\n<\/div>\r\n<\/div>\r\n<\/div>\r\n<\/div>\r\n<div><\/div>\r\n<div style=\"text-align: center;\"><\/div>\r\n<div><\/div>\r\n<div style=\"text-align: center;\"><strong>Programa Kit Digital cofinan\u00e7at pels fons Next Generation (EU), dins del Mecanisme de Recuperaci\u00f3 i Resili\u00e8ncia<\/strong><\/div>\r\n[\/vc_column_text]<div class=\"pix-el-text w-100 text-center \" ><div class=\"d-inline-block\" style=\"max-width:800px;\"><p class=\"  text-body-default text-center \" >Amb el <b>Kit Digital<\/b> podr\u00e0s obtenir fins a <b>29.000 \u20ac<\/b> en ajudes directes per a digitalitzaci\u00f3 d&#8217;empreses. Viladomat Ofim\u00e0tica SL som <b><a href=\"https:\/\/nuevo.acelerapyme.gob.es\/kit-digital\/catalogo-digitalizadores?palabra_clave=Inforber&amp;sort_by=random&amp;antibot_key=FE7_kZTIBHyBDl0vQWo_WhXKv976R8OBWbMCwmj5foY&amp;f%5B0%5D=provincia%3A8480\">Agent Digitalitzador<\/a><\/b> adherit del <b><a href=\"https:\/\/www.acelerapyme.gob.es\/ca\/kit-digital\">Programa Kit digital<\/a><\/b> per col\u00b7laborar en la gesti\u00f3 de <b>ajudes<\/b> i oferir solucions digitals a <b>petites empreses, microempreses i aut\u00f2noms.<\/b><\/p><\/div><\/div>[vc_empty_space height=&#8221;25px&#8221;][\/vc_column][\/vc_row][vc_row pix_particles_check=&#8221;&#8221;][vc_column][vc_separator color=&#8221;custom&#8221; css=&#8221;&#8221; accent_color=&#8221;#990A0A&#8221;][\/vc_column][\/vc_row][vc_row pix_particles_check=&#8221;&#8221;][vc_column width=&#8221;1\/2&#8243;][vc_column_text css=&#8221;&#8221;]\r\n<div class=\"elementor-element elementor-element-ff6823e elementor-widget elementor-widget-heading\" data-id=\"ff6823e\" data-element_type=\"widget\" data-settings=\"{&quot;_ob_shadough_use&quot;:&quot;no&amp;quot ;}\" data-widget_type=\"heading.default\">\r\n<div class=\"elementor-widget-container\">\r\n<h2 class=\"elementor-heading-title elementor-size-large\">Qu\u00e8 \u00e9s el Kit Digital?<\/h2>\r\n&nbsp;\r\n\r\n<\/div>\r\n<\/div>\r\n<div class=\"elementor-element elementor-element-d93d87c elementor-widget elementor-widget-text-editor\" data-id=\"d93d87c\" data-element_type=\"widget\" data-settings=\"{&quot;_ob_postman_use&quot;:&amp;quot ;no&quot;,&quot;_ob_shadough_use&quot;:&quot;no&quot;}\" data-widget_type=\"text-editor.default\">\r\n<div class=\"elementor-widget-container\">\r\n<p class=\"gt-block\"><strong>El Kit Digital \u00e9s una iniciativa del Govern d&#8217;Espanya,<\/strong> que t\u00e9 com a objectiu subvencionar la implantaci\u00f3 de solucions digitals disponibles al mercat per aconseguir un aven\u00e7 significatiu en el nivell de maduresa digital.<\/p>\r\n\r\n<ul>\r\n \t<li>\r\n<p class=\"gt-block\"><strong><a href=\"https:\/\/www.acelerapyme.gob.es\/sites\/acelerapyme\/files\/2021-12\/BOE-A-2021-21873.pdf\" data-insuit-uuid=\"9ace3f41-6706-4346-8019-94d8853858a9\">Bases reguladores<\/a><\/strong> de la concessi\u00f3 d&#8217;ajudes per a la digitalitzaci\u00f3.<\/p>\r\n<\/li>\r\n \t<li>\r\n<p class=\"gt-block\"><a class=\"ext\" title=\"actualitzaci\u00f3: BOE-A-2022-12734\" href=\"https:\/\/www.acelerapyme.es\/sites\/acelerapyme\/files\/2022 -08\/BOE-A-2022-12734.pdf\" target=\"_blank\" rel=\"noopener noreferrer\" data-extlink=\"\" data-insuit-uuid=\"&quot;58e6a784-8b0b-4fc3-a69f-f826f13f27\"><strong>Actualitzaci\u00f3<\/strong><\/a> de les bases reguladores del 26 de juliol de 2022.<\/p>\r\n<\/li>\r\n \t<li>\r\n<p class=\"gt-block\"><strong><a class=\"ext\" title=\"actualitzaci\u00f3: BOE-A-2023-15817_modificaci%C3%B3n\" href=\"https:\/\/acelerapyme.es\/sites\/ acelerapyme\/files\/2023-07\/BOE-A-2023-15817_modificaci%C3%B3n.pdf\" target=\"_blank\" rel=\"noopener noreferrer\" data-extlink=\"\" data-insuit-uuid=\"b09a14c4-07 435b-93ee-13384ca094db\">Actualitzaci\u00f3<\/a><\/strong>\u00a0de les bases reguladores de 20 de juny de 2023.<\/p>\r\n<\/li>\r\n \t<li>\r\n<p class=\"gt-block\"><strong><a class=\"ext\" title=\"actualitzaci\u00f3: BOE-A-2023-15817_modificaci%C3%B3n\" href=\"https:\/\/www.acelerapyme.gob. ca\/sites\/acelerapyme\/files\/2024-05\/BOE-A-2024-9523.pdf\" target=\"_blank\" rel=\"noopener noreferrer\" data-extlink=\"\" data-insuit-uuid=\"b09a14c4-071a- 435b-93ee-13384ca094db\">Actualitzaci\u00f3<\/a> <\/strong>de les bases reguladores de 11 de maig de 2024.<\/p>\r\n<\/li>\r\n<\/ul>\r\n<\/div>\r\n<\/div>\r\n[\/vc_column_text][\/vc_column][vc_column width=&#8221;1\/2&#8243;][vc_column_text css=&#8221;&#8221;]<iframe loading=\"lazy\" title=\"YouTube video player\" src=\"https:\/\/www.youtube.com\/embed\/fI_Y5W25hPs?si=UupMz7fltb9HReVJ\" width=\"560\" height=\"315\" frameborder=\"0\" allowfullscreen=\"allowfullscreen\"><\/iframe>[\/vc_column_text][\/vc_column][\/vc_row][vc_row pix_particles_check=&#8221;&#8221;][vc_column][vc_separator color=&#8221;custom&#8221; css=&#8221;&#8221; accent_color=&#8221;#990A0A&#8221;][\/vc_column][\/vc_row][vc_row pix_particles_check=&#8221;&#8221;][vc_column width=&#8221;1\/2&#8243;][vc_column_text css=&#8221;&#8221;]<iframe loading=\"lazy\" title=\"YouTube video player\" src=\"https:\/\/www.youtube.com\/embed\/lPR-pA5zPMg?si=Gt-XEZwUNdpBNMNB\" width=\"560\" height=\"315\" frameborder=\"0\" allowfullscreen=\"allowfullscreen\"><\/iframe>[\/vc_column_text][\/vc_column][vc_column width=&#8221;1\/2&#8243;][vc_column_text css=&#8221;.vc_custom_1727280608916{margin-left: 20px !important;}&#8221;]\r\n<div class=\"elementor-element elementor-element-ff6823e elementor-widget elementor-widget-heading\" data-id=\"ff6823e\" data-element_type=\"widget\" data-settings=\"{&quot;_ob_shadough_use&quot;:&quot;no&amp;quot ;}\" data-widget_type=\"heading.default\">\r\n<div class=\"elementor-widget-container\">\r\n<h2 class=\"elementor-heading-title elementor-size-large\">A qui va dirigit?<\/h2>\r\n<\/div>\r\n<\/div>\r\nLes solucions digitals que proporciona el Kit Digital estan orientades a les necessitats de les petites i mitges empreses, microempreses i treballadors aut\u00f2noms, pertanyents a qualsevol sector o tipologia de negoci.\r\n\r\nQualsevol PIME que compleixi les condicions establertes a les bases de les convocat\u00f2ries de lajuda, podr\u00e0 disposar dun \u201cBono Digital\u201d que li permetr\u00e0 lacc\u00e9s a les solucions de digitalitzaci\u00f3.[\/vc_column_text][\/vc_column][\/vc_row][vc_row pix_particles_check=&#8221;&#8221;][vc_column][vc_column_text css=&#8221;.vc_custom_1727280627226{margin-left: 20px !important;}&#8221;]\r\n<div class=\"elementor-element elementor-element-ff6823e elementor-widget elementor-widget-heading\" data-id=\"ff6823e\" data-element_type=\"widget\" data-settings=\"{&quot;_ob_shadough_use&quot;:&quot;no&amp;quot ;}\" data-widget_type=\"heading.default\">\r\n<div class=\"elementor-widget-container\">\r\n<h2 class=\"elementor-heading-title elementor-size-large\">Quin \u00e9s l&#8217;import m\u00e0xim de la subvenci\u00f3?<\/h2>\r\n&nbsp;\r\n\r\n<\/div>\r\n<\/div>\r\nL&#8217;import m\u00e0xim del \u201cBono Digital\u201d dependr\u00e0 de la mida de l&#8217;empresa:\r\n\r\n<strong>-SEGMENT I:<\/strong>\u00a0 Petites empreses d&#8217;entre 10 i 49 empleats:<strong> 12.000 \u20ac<\/strong>\r\n\r\n<strong>-SEGMENT II:\u00a0<\/strong> Petites empreses o microempreses d&#8217;entre 3 i 9 empleats: <strong>6.000 \u20ac<\/strong>\r\n\r\n<strong>-SEGMENT III:<\/strong>\u00a0 Petites empreses o microempreses d&#8217;entre 1 i 2 empleats i aut\u00f2noms: <strong>3.000\u20ac<\/strong>\r\n\r\n<strong>-SEGMENT IV:\u00a0<\/strong> Petites empreses d&#8217;entre 50 i menys de 100 empleats: <strong>25.000 \u20ac<\/strong>\r\n\r\n<strong>-SEGMENT V:\u00a0<\/strong> Petites empreses d&#8217;entre 100 i menys de 250 empleats: <strong>29.000 \u20ac<\/strong>[\/vc_column_text][vc_separator color=&#8221;custom&#8221; css=&#8221;&#8221; accent_color=&#8221;#990A0A&#8221;][\/vc_column][\/vc_row][vc_row pix_particles_check=&#8221;&#8221;][vc_column][vc_column_text css=&#8221;&#8221;]\r\n<h3 style=\"text-align: center;\"><strong>Categoria de les solucions digitals que ofereix Viladomat Ofim\u00e0tica SL<\/strong><\/h3>\r\n[\/vc_column_text][\/vc_column][\/vc_row][vc_row pix_particles_check=&#8221;&#8221;][vc_column][vc_column_text css=&#8221;&#8221;]\r\n<div class=\"\">\r\n<table>\r\n<tbody>\r\n<tr>\r\n<td class=\"has-text-align-center\" data-align=\"center\"><\/td>\r\n<td class=\"has-text-align-center\" data-align=\"center\"><\/td>\r\n<td class=\"has-text-align-center\" data-align=\"center\"><\/td>\r\n<td class=\"has-text-align-center\" data-align=\"center\"><\/td>\r\n<td class=\"has-text-align-center\" data-align=\"center\"><\/td>\r\n<td class=\"has-text-align-center\" data-align=\"center\"><\/td>\r\n<\/tr>\r\n<tr>\r\n<td class=\"has-text-align-center\" style=\"text-align: centre; background: #eeeeee;\" data-align=\"center\"><strong>CATEGORIES DE SOLUCIONS<\/strong><\/td>\r\n<td class=\"has-text-align-center\" style=\"text-align: centre; background: #eeeeee;\" data-align=\"center\"><em><strong>SEGMENT I<\/strong><\/em><\/td>\r\n<td class=\"has-text-align-center\" style=\"text-align: centre; background: #eeeeee;\" data-align=\"center\"><em><strong>SEGMENT II<\/strong><\/em><\/td>\r\n<td class=\"has-text-align-center\" style=\"text-align: centre; background: #eeeeee;\" data-align=\"center\"><em><strong>SEGMENT III<\/strong><\/em><\/td>\r\n<td class=\"has-text-align-center\" style=\"text-align: centre; background: #eeeeee;\" data-align=\"center\"><em><strong>SEGMENT IV<\/strong><\/em><\/td>\r\n<td class=\"has-text-align-center\" style=\"text-align: centre; background: #eeeeee;\" data-align=\"center\"><em><strong>SEGMENT V<\/strong><\/em><\/td>\r\n<\/tr>\r\n<tr>\r\n<td class=\"has-text-align-center\" data-align=\"center\"><strong>Gesti\u00f3 de Processos\r\n<\/strong><\/td>\r\n<td class=\"has-text-align-center\" style=\"text-align: center;\" data-align=\"center\">6.000\u20ac<\/td>\r\n<td class=\"has-text-align-center\" style=\"text-align: center;\" data-align=\"center\">3.000\u20ac<\/td>\r\n<td class=\"has-text-align-center\" style=\"text-align: center;\" data-align=\"center\">2.000\u20ac<\/td>\r\n<td class=\"has-text-align-center\" style=\"text-align: center;\" data-align=\"center\">15.000\u20ac<\/td>\r\n<td class=\"has-text-align-center\" style=\"text-align: center;\" data-align=\"center\">18.000\u20ac<\/td>\r\n<\/tr>\r\n<tr>\r\n<td class=\"has-text-align-center\" data-align=\"center\"><\/td>\r\n<td class=\"has-text-align-center\" style=\"text-align: center;\" data-align=\"center\">Inclou 10 usuaris<\/td>\r\n<td class=\"has-text-align-center\" style=\"text-align: center;\" data-align=\"center\">Inclou 3 usuaris<\/td>\r\n<td class=\"has-text-align-center\" style=\"text-align: center;\" data-align=\"center\">Inclou 1 usuaris<\/td>\r\n<td class=\"has-text-align-center\" style=\"text-align: center;\" data-align=\"center\">Inclou 20 usuaris<\/td>\r\n<td class=\"has-text-align-center\" style=\"text-align: center;\" data-align=\"center\">Inclou 25 usuaris<\/td>\r\n<\/tr>\r\n<\/tbody>\r\n<\/table>\r\n<\/div>\r\n[\/vc_column_text][vc_separator color=&#8221;custom&#8221; css=&#8221;&#8221; accent_color=&#8221;#990A0A&#8221;][\/vc_column][\/vc_row][vc_row pix_particles_check=&#8221;&#8221;][vc_column][vc_column_text css=&#8221;&#8221;]\r\n<div class=\"wpb_text_column wpb_content_element \">\r\n<div class=\"wpb_wrapper\">\r\n<h4>GESTI\u00d3 DE PROCESSOS, Qu\u00e8 inclou?<\/h4>\r\n<\/div>\r\n<\/div>\r\n<div class=\"wpb_text_column wpb_content_element \">\r\n<div class=\"wpb_wrapper\">\r\n\r\nDigitalitza i\/o automatitza processos de negoci relacionats amb tasques operatives o productives de la teva empresa, a fi d&#8217;agilitzar els processos del dia a dia.\r\n\r\nImplantem la millor soluci\u00f3 per a cada empresa mitjan\u00e7ant ERP de tercers o desenvolupant sistemes propis per millorar la gesti\u00f3 dels processos productius de la teva empresa.\r\n\r\n<strong>Es destinaran hores de parametritzaci\u00f3 i desenvolupament segons el Segment d&#8217;empresa:<\/strong>\r\n<ul>\r\n \t<li>Segment I (empreses de 10 a 49 treballadors): 75 hores de parametritzaci\u00f3 i desenvolupament.<\/li>\r\n \t<li>Segment II (empreses de 3 a 9 treballadors): 50 hores de parametritzaci\u00f3 i desenvolupament.<\/li>\r\n \t<li>Segment III (microempreses d&#8217;1 a 2 treballadors): 40 hores de parametritzaci\u00f3 i desenvolupament.<\/li>\r\n \t<li>Segment IV (empreses de 50 a menys de 100 treballadors): 115 hores de parametritzaci\u00f3 i desenvolupament.<\/li>\r\n \t<li>Segment V (empreses de 100 a 250 treballadors): 120 hores de parametritzaci\u00f3 i desenvolupament.<\/li>\r\n<\/ul>\r\n<strong>Funcionalitats incloses en les solucions:<\/strong>\r\n\r\nDigitalitzaci\u00f3\/automatitzaci\u00f3 de processos i fluxos de treball per a la realitzaci\u00f3 de tasques di\u00e0ries com a facturaci\u00f3, comptabilitat, gesti\u00f3 de projectes, inventari, gesti\u00f3 de compres i pagaments, recursos humans i log\u00edstica.\r\nIntegraci\u00f3 amb diverses plataformes mitjan\u00e7ant APIs i Webservices\r\nActualitzacions peri\u00f2diques\r\nEscalabilitat:\u00a0la soluci\u00f3 podr\u00e0 adaptar-se als possibles creixements o canvis a l&#8217;estructura de l&#8217;empresa\r\n\r\n<\/div>\r\n<\/div>\r\n<div class=\"vc_empty_space\"><\/div>\r\n<div class=\"wpb_text_column wpb_content_element \">\r\n<div class=\"wpb_wrapper\">\r\n<h5>Entre\u00a02.000\u20ac i 50.000\u20ac aprox.<\/h5>\r\n<\/div>\r\n<\/div>\r\n[\/vc_column_text][\/vc_column][\/vc_row]<\/div>","protected":false},"excerpt":{"rendered":"[vc_row pix_particles_check=&#8221;&#8221;][vc_column css=&#8221;.vc_custom_1727278977095{margin-top: 150px !important;}&#8221;][vc_separator css=&#8221;.vc_custom_1726853943431{margin-bottom: 100px !important;}&#8221;][vc_column_text css=&#8221;&#8221;] Som el teu Agent Digital de transformaci\u00f3 &nbsp; PROGRAMA KIT DIGITAL FINAN\u00c7AT PER FONS NEXT GENERATION DEL MECANISME DE RECUPERACI\u00d3 I RESILI\u00c8NCIA \u00a0 \u00a0 \u00a0 \u00a0 Programa Kit Digital cofinan\u00e7at pels&#8230;","protected":false},"author":1,"featured_media":0,"parent":0,"menu_order":0,"comment_status":"closed","ping_status":"closed","template":"","meta":{"footnotes":""},"class_list":["post-4359","page","type-page","status-publish","hentry"],"yoast_head":"<!-- This site is optimized with the Yoast SEO plugin v27.2 - https:\/\/yoast.com\/product\/yoast-seo-wordpress\/ -->\n<title>Kit Digital - Viladomat Ofim\u00e0tica - Mobiliari hosteleria i ofim\u00e0tica a Manresa, Vic, Berga<\/title>\n<meta name=\"robots\" content=\"index, follow, max-snippet:-1, max-image-preview:large, max-video-preview:-1\" \/>\n<link rel=\"canonical\" href=\"https:\/\/www.viladomatofimatica.cat\/ca\/kit-digital\/\" \/>\n<meta property=\"og:locale\" content=\"ca_ES\" \/>\n<meta property=\"og:type\" content=\"article\" \/>\n<meta property=\"og:title\" content=\"Kit Digital - Viladomat Ofim\u00e0tica - Mobiliari hosteleria i ofim\u00e0tica a Manresa, Vic, Berga\" \/>\n<meta property=\"og:description\" content=\"[vc_row pix_particles_check=&#8221;&#8221;][vc_column css=&#8221;.vc_custom_1727278977095{margin-top: 150px !important;}&#8221;][vc_separator css=&#8221;.vc_custom_1726853943431{margin-bottom: 100px !important;}&#8221;][vc_column_text css=&#8221;&#8221;] Som el teu Agent Digital de transformaci\u00f3 &nbsp; PROGRAMA KIT DIGITAL FINAN\u00c7AT PER FONS NEXT GENERATION DEL MECANISME DE RECUPERACI\u00d3 I RESILI\u00c8NCIA \u00a0 \u00a0 \u00a0 \u00a0 Programa Kit Digital cofinan\u00e7at pels...\" \/>\n<meta property=\"og:url\" content=\"https:\/\/www.viladomatofimatica.cat\/ca\/kit-digital\/\" \/>\n<meta property=\"og:site_name\" content=\"Viladomat Ofim\u00e0tica - Mobiliari hosteleria i ofim\u00e0tica a Manresa, Vic, Berga\" \/>\n<meta property=\"article:modified_time\" content=\"2024-09-27T07:46:34+00:00\" \/>\n<meta property=\"og:image\" content=\"https:\/\/www.viladomatofimatica.cat\/wp-content\/uploads\/2024\/09\/gobierno-300x53-1.png\" \/>\n\t<meta property=\"og:image:width\" content=\"300\" \/>\n\t<meta property=\"og:image:height\" content=\"53\" \/>\n\t<meta property=\"og:image:type\" content=\"image\/png\" \/>\n<meta name=\"twitter:card\" content=\"summary_large_image\" \/>\n<meta name=\"twitter:label1\" content=\"Temps estimat de lectura\" \/>\n\t<meta name=\"twitter:data1\" content=\"4 minuts\" \/>\n<script type=\"application\/ld+json\" class=\"yoast-schema-graph\">{\"@context\":\"https:\/\/schema.org\",\"@graph\":[{\"@type\":\"WebPage\",\"@id\":\"https:\/\/www.viladomatofimatica.cat\/ca\/kit-digital\/\",\"url\":\"https:\/\/www.viladomatofimatica.cat\/ca\/kit-digital\/\",\"name\":\"Kit Digital - Viladomat Ofim\u00e0tica - Mobiliari hosteleria i ofim\u00e0tica a Manresa, Vic, Berga\",\"isPartOf\":{\"@id\":\"https:\/\/www.viladomatofimatica.cat\/ca\/#website\"},\"primaryImageOfPage\":{\"@id\":\"https:\/\/www.viladomatofimatica.cat\/ca\/kit-digital\/#primaryimage\"},\"image\":{\"@id\":\"https:\/\/www.viladomatofimatica.cat\/ca\/kit-digital\/#primaryimage\"},\"thumbnailUrl\":\"https:\/\/www.viladomatofimatica.cat\/wp-content\/uploads\/2024\/09\/gobierno-300x53-1.png\",\"datePublished\":\"2024-09-10T07:12:55+00:00\",\"dateModified\":\"2024-09-27T07:46:34+00:00\",\"breadcrumb\":{\"@id\":\"https:\/\/www.viladomatofimatica.cat\/ca\/kit-digital\/#breadcrumb\"},\"inLanguage\":\"ca\",\"potentialAction\":[{\"@type\":\"ReadAction\",\"target\":[\"https:\/\/www.viladomatofimatica.cat\/ca\/kit-digital\/\"]}]},{\"@type\":\"ImageObject\",\"inLanguage\":\"ca\",\"@id\":\"https:\/\/www.viladomatofimatica.cat\/ca\/kit-digital\/#primaryimage\",\"url\":\"https:\/\/www.viladomatofimatica.cat\/wp-content\/uploads\/2024\/09\/gobierno-300x53-1.png\",\"contentUrl\":\"https:\/\/www.viladomatofimatica.cat\/wp-content\/uploads\/2024\/09\/gobierno-300x53-1.png\"},{\"@type\":\"BreadcrumbList\",\"@id\":\"https:\/\/www.viladomatofimatica.cat\/ca\/kit-digital\/#breadcrumb\",\"itemListElement\":[{\"@type\":\"ListItem\",\"position\":1,\"name\":\"Portada\",\"item\":\"https:\/\/www.viladomatofimatica.cat\/ca\/inicio\/\"},{\"@type\":\"ListItem\",\"position\":2,\"name\":\"Kit Digital\"}]},{\"@type\":\"WebSite\",\"@id\":\"https:\/\/www.viladomatofimatica.cat\/ca\/#website\",\"url\":\"https:\/\/www.viladomatofimatica.cat\/ca\/\",\"name\":\"Viladomat Ofim\u00e0tica - Solucions hostaleria i ofim\u00e0tica a Manresa, Vic, Berga\",\"description\":\"Mobiliari hosteleria i ofimatica a Manresa, Vic, Berga\",\"publisher\":{\"@id\":\"https:\/\/www.viladomatofimatica.cat\/ca\/#organization\"},\"potentialAction\":[{\"@type\":\"SearchAction\",\"target\":{\"@type\":\"EntryPoint\",\"urlTemplate\":\"https:\/\/www.viladomatofimatica.cat\/ca\/?s={search_term_string}\"},\"query-input\":{\"@type\":\"PropertyValueSpecification\",\"valueRequired\":true,\"valueName\":\"search_term_string\"}}],\"inLanguage\":\"ca\"},{\"@type\":\"Organization\",\"@id\":\"https:\/\/www.viladomatofimatica.cat\/ca\/#organization\",\"name\":\"Viladomat Ofim\u00e0tica - Solucions hostaleria i ofim\u00e0tica a Manresa, Vic, Berga\",\"url\":\"https:\/\/www.viladomatofimatica.cat\/ca\/\",\"logo\":{\"@type\":\"ImageObject\",\"inLanguage\":\"ca\",\"@id\":\"https:\/\/www.viladomatofimatica.cat\/ca\/#\/schema\/logo\/image\/\",\"url\":\"https:\/\/www.viladomatofimatica.cat\/wp-content\/uploads\/2025\/03\/img-logo-viladomat-ofimatica-20251.jpg\",\"contentUrl\":\"https:\/\/www.viladomatofimatica.cat\/wp-content\/uploads\/2025\/03\/img-logo-viladomat-ofimatica-20251.jpg\",\"width\":250,\"height\":100,\"caption\":\"Viladomat Ofim\u00e0tica - Solucions hostaleria i ofim\u00e0tica a Manresa, Vic, Berga\"},\"image\":{\"@id\":\"https:\/\/www.viladomatofimatica.cat\/ca\/#\/schema\/logo\/image\/\"},\"sameAs\":[\"https:\/\/www.instagram.com\/viladomatofimatica\/\"]}]}<\/script>\n<!-- \/ Yoast SEO plugin. -->","yoast_head_json":{"title":"Kit Digital - Viladomat Ofim\u00e0tica - Mobiliari hosteleria i ofim\u00e0tica a Manresa, Vic, Berga","robots":{"index":"index","follow":"follow","max-snippet":"max-snippet:-1","max-image-preview":"max-image-preview:large","max-video-preview":"max-video-preview:-1"},"canonical":"https:\/\/www.viladomatofimatica.cat\/ca\/kit-digital\/","og_locale":"ca_ES","og_type":"article","og_title":"Kit Digital - Viladomat Ofim\u00e0tica - Mobiliari hosteleria i ofim\u00e0tica a Manresa, Vic, Berga","og_description":"[vc_row pix_particles_check=&#8221;&#8221;][vc_column css=&#8221;.vc_custom_1727278977095{margin-top: 150px !important;}&#8221;][vc_separator css=&#8221;.vc_custom_1726853943431{margin-bottom: 100px !important;}&#8221;][vc_column_text css=&#8221;&#8221;] Som el teu Agent Digital de transformaci\u00f3 &nbsp; PROGRAMA KIT DIGITAL FINAN\u00c7AT PER FONS NEXT GENERATION DEL MECANISME DE RECUPERACI\u00d3 I RESILI\u00c8NCIA \u00a0 \u00a0 \u00a0 \u00a0 Programa Kit Digital cofinan\u00e7at pels...","og_url":"https:\/\/www.viladomatofimatica.cat\/ca\/kit-digital\/","og_site_name":"Viladomat Ofim\u00e0tica - Mobiliari hosteleria i ofim\u00e0tica a Manresa, Vic, Berga","article_modified_time":"2024-09-27T07:46:34+00:00","og_image":[{"width":300,"height":53,"url":"https:\/\/www.viladomatofimatica.cat\/wp-content\/uploads\/2024\/09\/gobierno-300x53-1.png","type":"image\/png"}],"twitter_card":"summary_large_image","twitter_misc":{"Temps estimat de lectura":"4 minuts"},"schema":{"@context":"https:\/\/schema.org","@graph":[{"@type":"WebPage","@id":"https:\/\/www.viladomatofimatica.cat\/ca\/kit-digital\/","url":"https:\/\/www.viladomatofimatica.cat\/ca\/kit-digital\/","name":"Kit Digital - Viladomat Ofim\u00e0tica - Mobiliari hosteleria i ofim\u00e0tica a Manresa, Vic, Berga","isPartOf":{"@id":"https:\/\/www.viladomatofimatica.cat\/ca\/#website"},"primaryImageOfPage":{"@id":"https:\/\/www.viladomatofimatica.cat\/ca\/kit-digital\/#primaryimage"},"image":{"@id":"https:\/\/www.viladomatofimatica.cat\/ca\/kit-digital\/#primaryimage"},"thumbnailUrl":"https:\/\/www.viladomatofimatica.cat\/wp-content\/uploads\/2024\/09\/gobierno-300x53-1.png","datePublished":"2024-09-10T07:12:55+00:00","dateModified":"2024-09-27T07:46:34+00:00","breadcrumb":{"@id":"https:\/\/www.viladomatofimatica.cat\/ca\/kit-digital\/#breadcrumb"},"inLanguage":"ca","potentialAction":[{"@type":"ReadAction","target":["https:\/\/www.viladomatofimatica.cat\/ca\/kit-digital\/"]}]},{"@type":"ImageObject","inLanguage":"ca","@id":"https:\/\/www.viladomatofimatica.cat\/ca\/kit-digital\/#primaryimage","url":"https:\/\/www.viladomatofimatica.cat\/wp-content\/uploads\/2024\/09\/gobierno-300x53-1.png","contentUrl":"https:\/\/www.viladomatofimatica.cat\/wp-content\/uploads\/2024\/09\/gobierno-300x53-1.png"},{"@type":"BreadcrumbList","@id":"https:\/\/www.viladomatofimatica.cat\/ca\/kit-digital\/#breadcrumb","itemListElement":[{"@type":"ListItem","position":1,"name":"Portada","item":"https:\/\/www.viladomatofimatica.cat\/ca\/inicio\/"},{"@type":"ListItem","position":2,"name":"Kit Digital"}]},{"@type":"WebSite","@id":"https:\/\/www.viladomatofimatica.cat\/ca\/#website","url":"https:\/\/www.viladomatofimatica.cat\/ca\/","name":"Viladomat Ofim\u00e0tica - Solucions hostaleria i ofim\u00e0tica a Manresa, Vic, Berga","description":"Mobiliari hosteleria i ofimatica a Manresa, Vic, Berga","publisher":{"@id":"https:\/\/www.viladomatofimatica.cat\/ca\/#organization"},"potentialAction":[{"@type":"SearchAction","target":{"@type":"EntryPoint","urlTemplate":"https:\/\/www.viladomatofimatica.cat\/ca\/?s={search_term_string}"},"query-input":{"@type":"PropertyValueSpecification","valueRequired":true,"valueName":"search_term_string"}}],"inLanguage":"ca"},{"@type":"Organization","@id":"https:\/\/www.viladomatofimatica.cat\/ca\/#organization","name":"Viladomat Ofim\u00e0tica - Solucions hostaleria i ofim\u00e0tica a Manresa, Vic, Berga","url":"https:\/\/www.viladomatofimatica.cat\/ca\/","logo":{"@type":"ImageObject","inLanguage":"ca","@id":"https:\/\/www.viladomatofimatica.cat\/ca\/#\/schema\/logo\/image\/","url":"https:\/\/www.viladomatofimatica.cat\/wp-content\/uploads\/2025\/03\/img-logo-viladomat-ofimatica-20251.jpg","contentUrl":"https:\/\/www.viladomatofimatica.cat\/wp-content\/uploads\/2025\/03\/img-logo-viladomat-ofimatica-20251.jpg","width":250,"height":100,"caption":"Viladomat Ofim\u00e0tica - Solucions hostaleria i ofim\u00e0tica a Manresa, Vic, Berga"},"image":{"@id":"https:\/\/www.viladomatofimatica.cat\/ca\/#\/schema\/logo\/image\/"},"sameAs":["https:\/\/www.instagram.com\/viladomatofimatica\/"]}]}},"_links":{"self":[{"href":"https:\/\/www.viladomatofimatica.cat\/ca\/wp-json\/wp\/v2\/pages\/4359","targetHints":{"allow":["GET"]}}],"collection":[{"href":"https:\/\/www.viladomatofimatica.cat\/ca\/wp-json\/wp\/v2\/pages"}],"about":[{"href":"https:\/\/www.viladomatofimatica.cat\/ca\/wp-json\/wp\/v2\/types\/page"}],"author":[{"embeddable":true,"href":"https:\/\/www.viladomatofimatica.cat\/ca\/wp-json\/wp\/v2\/users\/1"}],"replies":[{"embeddable":true,"href":"https:\/\/www.viladomatofimatica.cat\/ca\/wp-json\/wp\/v2\/comments?post=4359"}],"version-history":[{"count":13,"href":"https:\/\/www.viladomatofimatica.cat\/ca\/wp-json\/wp\/v2\/pages\/4359\/revisions"}],"predecessor-version":[{"id":4555,"href":"https:\/\/www.viladomatofimatica.cat\/ca\/wp-json\/wp\/v2\/pages\/4359\/revisions\/4555"}],"wp:attachment":[{"href":"https:\/\/www.viladomatofimatica.cat\/ca\/wp-json\/wp\/v2\/media?parent=4359"}],"curies":[{"name":"wp","href":"https:\/\/api.w.org\/{rel}","templated":true}]}}